{"id":1900,"date":"2022-02-05T22:20:54","date_gmt":"2022-02-05T22:20:54","guid":{"rendered":"http:\/\/pukfrance.com\/?page_id=1900"},"modified":"2022-02-05T22:52:45","modified_gmt":"2022-02-05T22:52:45","slug":"archiver","status":"publish","type":"page","link":"http:\/\/pukfrance.com\/?page_id=1900","title":{"rendered":"archiver"},"content":{"rendered":"<ul class=\"wp-block-archives-list wp-block-archives\">\t<li><a href='http:\/\/pukfrance.com\/?m=202407'>July 2024<\/a><\/li>\n\t<li><a href='http:\/\/pukfrance.com\/?m=202405'>May 2024<\/a><\/li>\n\t<li><a href='http:\/\/pukfrance.com\/?m=202404'>April 2024<\/a><\/li>\n\t<li><a href='http:\/\/pukfrance.com\/?m=202203'>March 2022<\/a><\/li>\n\t<li><a href='http:\/\/pukfrance.com\/?m=202202'>February 2022<\/a><\/li>\n\t<li><a href='http:\/\/pukfrance.com\/?m=202112'>December 2021<\/a><\/li>\n\t<li><a href='http:\/\/pukfrance.com\/?m=202111'>November 2021<\/a><\/li>\n\t<li><a href='http:\/\/pukfrance.com\/?m=202110'>October 2021<\/a><\/li>\n\t<li><a href='http:\/\/pukfrance.com\/?m=202109'>September 2021<\/a><\/li>\n\t<li><a href='http:\/\/pukfrance.com\/?m=202108'>August 2021<\/a><\/li>\n\t<li><a href='http:\/\/pukfrance.com\/?m=202107'>July 2021<\/a><\/li>\n\t<li><a href='http:\/\/pukfrance.com\/?m=202106'>June 2021<\/a><\/li>\n\t<li><a href='http:\/\/pukfrance.com\/?m=202103'>March 2021<\/a><\/li>\n\t<li><a href='http:\/\/pukfrance.com\/?m=202101'>January 2021<\/a><\/li>\n<\/ul>\n\n\n<div class=\"wp-block-query alignfull is-layout-flow wp-block-query-is-layout-flow\"><ul class=\"wp-block-post-template is-layout-flow wp-block-post-template-is-layout-flow\"><li class=\"wp-block-post post-2225 post type-post status-publish format-standard has-post-thumbnail hentry category-home category-home-center category-home-fr\">\n<h2 class=\"wp-block-post-title\"><a href=\"http:\/\/pukfrance.com\/?p=2225\" target=\"_self\" >Dara Khaylani met with Madan Gopal, the Consul General of India in the Kurdistan RegionDara Khaylani<\/a><\/h2>\n\n<figure class=\"alignwide wp-block-post-featured-image\"><a href=\"http:\/\/pukfrance.com\/?p=2225\" target=\"_self\"  ><img loading=\"lazy\" decoding=\"async\" width=\"1280\" height=\"960\" src=\"http:\/\/pukfrance.com\/wp-content\/uploads\/2024\/05\/image-2.jpeg\" class=\"attachment-post-thumbnail size-post-thumbnail wp-post-image\" alt=\"Dara Khaylani met with Madan Gopal, the Consul General of India in the Kurdistan RegionDara Khaylani\" style=\"object-fit:cover;\" srcset=\"http:\/\/pukfrance.com\/wp-content\/uploads\/2024\/05\/image-2.jpeg 1280w, http:\/\/pukfrance.com\/wp-content\/uploads\/2024\/05\/image-2-300x225.jpeg 300w, http:\/\/pukfrance.com\/wp-content\/uploads\/2024\/05\/image-2-1024x768.jpeg 1024w, http:\/\/pukfrance.com\/wp-content\/uploads\/2024\/05\/image-2-768x576.jpeg 768w, http:\/\/pukfrance.com\/wp-content\/uploads\/2024\/05\/image-2-200x150.jpeg 200w, http:\/\/pukfrance.com\/wp-content\/uploads\/2024\/05\/image-2-600x450.jpeg 600w\" sizes=\"auto, (max-width: 1280px) 100vw, 1280px\" \/><\/a><\/figure>\n\n<div class=\"wp-block-post-excerpt\"><p class=\"wp-block-post-excerpt__excerpt\">Dara Khaylani, the Head of Foreign Relations of the Patriotic Union of Kurdistan (PUK), together with Kamran Mullah Abdullah, an Advisor at the PUK&#8217;s Relations Bureau in Erbil, met with Madan Gopal, the Consul General of India in the Kurdistan Region, and his accompanying delegation. The two sides deliberated on the political situation in the&hellip; <\/p><\/div>\n\n\n<hr class=\"wp-block-separator\"\/>\n\n\n<div class=\"wp-block-post-date\"><time datetime=\"2024-05-22T19:59:10+00:00\">May 22, 2024<\/time><\/div>\n<\/li><li class=\"wp-block-post post-2266 post type-post status-publish format-standard has-post-thumbnail hentry category-home category-home-center category-home-fr\">\n<h2 class=\"wp-block-post-title\"><a href=\"http:\/\/pukfrance.com\/?p=2266\" target=\"_self\" >Foreign Relations Head &amp; Qatari CG Discuss Strengthening Bilateral Relations<\/a><\/h2>\n\n<figure class=\"alignwide wp-block-post-featured-image\"><a href=\"http:\/\/pukfrance.com\/?p=2266\" target=\"_self\"  ><img loading=\"lazy\" decoding=\"async\" width=\"476\" height=\"993\" src=\"http:\/\/pukfrance.com\/wp-content\/uploads\/2024\/07\/450479975_122158552970137222_2013512073612336769_n.jpg\" class=\"attachment-post-thumbnail size-post-thumbnail wp-post-image\" alt=\"Foreign Relations Head &amp; Qatari CG Discuss Strengthening Bilateral Relations\" style=\"object-fit:cover;\" srcset=\"http:\/\/pukfrance.com\/wp-content\/uploads\/2024\/07\/450479975_122158552970137222_2013512073612336769_n.jpg 476w, http:\/\/pukfrance.com\/wp-content\/uploads\/2024\/07\/450479975_122158552970137222_2013512073612336769_n-144x300.jpg 144w\" sizes=\"auto, (max-width: 476px) 100vw, 476px\" \/><\/a><\/figure>\n\n<div class=\"wp-block-post-excerpt\"><p class=\"wp-block-post-excerpt__excerpt\">Foreign Relations Head &amp; Qatari CG Discuss Strengthening Bilateral Relations Dara Khaylani, the head of the Foreign Relations Board and a member of the Patriotic Union of Kurdistan&#8217;s Leadership Council and his accompanied delegation were warmly received by Hussein Ali Salih al-Fazala, the Consul General of Qatar in the Kurdistan Region, today, Thursday, in Erbil.&hellip; <\/p><\/div>\n\n\n<hr class=\"wp-block-separator\"\/>\n\n\n<div class=\"wp-block-post-date\"><time datetime=\"2024-07-21T21:32:43+00:00\">July 21, 2024<\/time><\/div>\n<\/li><li class=\"wp-block-post post-2220 post type-post status-publish format-standard has-post-thumbnail hentry category-home category-home-center category-home-fr\">\n<h2 class=\"wp-block-post-title\"><a href=\"http:\/\/pukfrance.com\/?p=2220\" target=\"_self\" >Dara Khaylani, Japanese CG Discuss Upcoming Elections\u00a0<\/a><\/h2>\n\n<figure class=\"alignwide wp-block-post-featured-image\"><a href=\"http:\/\/pukfrance.com\/?p=2220\" target=\"_self\"  ><img loading=\"lazy\" decoding=\"async\" width=\"821\" height=\"701\" src=\"http:\/\/pukfrance.com\/wp-content\/uploads\/2024\/04\/image-6.jpeg\" class=\"attachment-post-thumbnail size-post-thumbnail wp-post-image\" alt=\"Dara Khaylani, Japanese CG Discuss Upcoming Elections\u00a0\" style=\"object-fit:cover;\" srcset=\"http:\/\/pukfrance.com\/wp-content\/uploads\/2024\/04\/image-6.jpeg 821w, http:\/\/pukfrance.com\/wp-content\/uploads\/2024\/04\/image-6-300x256.jpeg 300w, http:\/\/pukfrance.com\/wp-content\/uploads\/2024\/04\/image-6-768x656.jpeg 768w, http:\/\/pukfrance.com\/wp-content\/uploads\/2024\/04\/image-6-600x512.jpeg 600w\" sizes=\"auto, (max-width: 821px) 100vw, 821px\" \/><\/a><\/figure>\n\n<div class=\"wp-block-post-excerpt\"><p class=\"wp-block-post-excerpt__excerpt\">Dara Khaylani, Member of the Patriotic Union of Kurdistan&#8217;s (PUK) Leadership Council and Head of PUK&#8217;s Foreign Relations met Arakawa Mikihiro, the Japanese Consul General in the Kurdistan Region, at the Political Bureau&#8217;s headquarters in Erbil on Wednesday. The meeting focused on Iraq&#8217;s political situation, the Kurdistan Region, and the upcoming elections. The main topic&hellip; <\/p><\/div>\n\n\n<hr class=\"wp-block-separator\"\/>\n\n\n<div class=\"wp-block-post-date\"><time datetime=\"2024-04-11T18:27:15+00:00\">April 11, 2024<\/time><\/div>\n<\/li><li class=\"wp-block-post post-2208 post type-post status-publish format-standard has-post-thumbnail hentry category-home category-home-fr\">\n<h2 class=\"wp-block-post-title\"><a href=\"http:\/\/pukfrance.com\/?p=2208\" target=\"_self\" >Dara Khaylani: The PUK strongly advocates for conducting transparent and fair elections and is fully prepared for the elections on the scheduled date determined by the presidency<\/a><\/h2>\n\n<figure class=\"alignwide wp-block-post-featured-image\"><a href=\"http:\/\/pukfrance.com\/?p=2208\" target=\"_self\"  ><img loading=\"lazy\" decoding=\"async\" width=\"1600\" height=\"1200\" src=\"http:\/\/pukfrance.com\/wp-content\/uploads\/2024\/04\/image-1.jpeg\" class=\"attachment-post-thumbnail size-post-thumbnail wp-post-image\" alt=\"Dara Khaylani: The PUK strongly advocates for conducting transparent and fair elections and is fully prepared for the elections on the scheduled date determined by the presidency\" style=\"object-fit:cover;\" srcset=\"http:\/\/pukfrance.com\/wp-content\/uploads\/2024\/04\/image-1.jpeg 1600w, http:\/\/pukfrance.com\/wp-content\/uploads\/2024\/04\/image-1-300x225.jpeg 300w, http:\/\/pukfrance.com\/wp-content\/uploads\/2024\/04\/image-1-1024x768.jpeg 1024w, http:\/\/pukfrance.com\/wp-content\/uploads\/2024\/04\/image-1-768x576.jpeg 768w, http:\/\/pukfrance.com\/wp-content\/uploads\/2024\/04\/image-1-1536x1152.jpeg 1536w, http:\/\/pukfrance.com\/wp-content\/uploads\/2024\/04\/image-1-200x150.jpeg 200w, http:\/\/pukfrance.com\/wp-content\/uploads\/2024\/04\/image-1-600x450.jpeg 600w\" sizes=\"auto, (max-width: 1600px) 100vw, 1600px\" \/><\/a><\/figure>\n\n<div class=\"wp-block-post-excerpt\"><p class=\"wp-block-post-excerpt__excerpt\">The Patriotic Union of Kurdistan (PUK) has firmly advocated for the timely conduct of the Kurdistan parliamentary elections, the US Deputy Consul General in the Kurdistan Region stated that the US supports the conduct of elections in the Kurdistan Region. Dara Khaylani, a member of the Leadership Council and the Head of Foreign Relations of&hellip; <\/p><\/div>\n\n\n<hr class=\"wp-block-separator\"\/>\n\n\n<div class=\"wp-block-post-date\"><time datetime=\"2024-04-11T17:51:06+00:00\">April 11, 2024<\/time><\/div>\n<\/li><li class=\"wp-block-post post-2201 post type-post status-publish format-standard has-post-thumbnail hentry category-home-fr\">\n<h2 class=\"wp-block-post-title\"><a href=\"http:\/\/pukfrance.com\/?p=2201\" target=\"_self\" >Dara Khaylani: PUK Strives to Improve the Life of Kurdistan&#8217;s Citizens\u00a0<\/a><\/h2>\n\n<figure class=\"alignwide wp-block-post-featured-image\"><a href=\"http:\/\/pukfrance.com\/?p=2201\" target=\"_self\"  ><img loading=\"lazy\" decoding=\"async\" width=\"2048\" height=\"1366\" src=\"http:\/\/pukfrance.com\/wp-content\/uploads\/2024\/04\/image-4.jpeg\" class=\"attachment-post-thumbnail size-post-thumbnail wp-post-image\" alt=\"Dara Khaylani: PUK Strives to Improve the Life of Kurdistan&#8217;s Citizens\u00a0\" style=\"object-fit:cover;\" srcset=\"http:\/\/pukfrance.com\/wp-content\/uploads\/2024\/04\/image-4.jpeg 2048w, http:\/\/pukfrance.com\/wp-content\/uploads\/2024\/04\/image-4-300x200.jpeg 300w, http:\/\/pukfrance.com\/wp-content\/uploads\/2024\/04\/image-4-1024x683.jpeg 1024w, http:\/\/pukfrance.com\/wp-content\/uploads\/2024\/04\/image-4-768x512.jpeg 768w, http:\/\/pukfrance.com\/wp-content\/uploads\/2024\/04\/image-4-1536x1025.jpeg 1536w, http:\/\/pukfrance.com\/wp-content\/uploads\/2024\/04\/image-4-600x400.jpeg 600w\" sizes=\"auto, (max-width: 2048px) 100vw, 2048px\" \/><\/a><\/figure>\n\n<div class=\"wp-block-post-excerpt\"><p class=\"wp-block-post-excerpt__excerpt\">In Sulaymaniyah, Dara Khaylani, the head of the foreign relations department and a member of the Patriotic Union of Kurdistan&#8217;s (PUK) Leadership Council, had a meeting with a UNAMI delegation. Lawrence Liu, a Senior Political Affairs Officer with UNAMI in Baghdad, led the delegation along with his support staff. The meeting deliberated on the most&hellip; <\/p><\/div>\n\n\n<hr class=\"wp-block-separator\"\/>\n\n\n<div class=\"wp-block-post-date\"><time datetime=\"2024-04-11T17:40:25+00:00\">April 11, 2024<\/time><\/div>\n<\/li><li class=\"wp-block-post post-2160 post type-post status-publish format-standard has-post-thumbnail hentry category-58\">\n<h2 class=\"wp-block-post-title\"><a href=\"http:\/\/pukfrance.com\/?p=2160\" target=\"_self\" >Rencontre avec le vice premier ministre du KRG<\/a><\/h2>\n\n<figure class=\"alignwide wp-block-post-featured-image\"><a href=\"http:\/\/pukfrance.com\/?p=2160\" target=\"_self\"  ><img loading=\"lazy\" decoding=\"async\" width=\"875\" height=\"1024\" src=\"http:\/\/pukfrance.com\/wp-content\/uploads\/2022\/03\/8.jpeg\" class=\"attachment-post-thumbnail size-post-thumbnail wp-post-image\" alt=\"Rencontre avec le vice premier ministre du KRG\" style=\"object-fit:cover;\" srcset=\"http:\/\/pukfrance.com\/wp-content\/uploads\/2022\/03\/8.jpeg 875w, http:\/\/pukfrance.com\/wp-content\/uploads\/2022\/03\/8-256x300.jpeg 256w, http:\/\/pukfrance.com\/wp-content\/uploads\/2022\/03\/8-768x899.jpeg 768w, http:\/\/pukfrance.com\/wp-content\/uploads\/2022\/03\/8-600x702.jpeg 600w\" sizes=\"auto, (max-width: 875px) 100vw, 875px\" \/><\/a><\/figure>\n\n<div class=\"wp-block-post-excerpt\"><p class=\"wp-block-post-excerpt__excerpt\">Aujourd\u2019hui le 3-3-2022, M.Darawan Haji Hamid, responsable du bureau France de l\u2019UPK a \u00e9t\u00e9 accueilli par M.Qubat Talabani \u00e0 Erbil.Une riche discussion s\u2019en est suivie. Les th\u00e8mes \u00e9taient notamment relatifs au renouvellement de l\u2019UPK \u00e0 l\u2019\u00e9tranger, et plus particuli\u00e8rement en France.M.Darawan Haji Hamid a pris le soin de d\u00e9velopper sa vision sur l\u2019avenir de l\u2019UPK&hellip; <\/p><\/div>\n\n\n<hr class=\"wp-block-separator\"\/>\n\n\n<div class=\"wp-block-post-date\"><time datetime=\"2022-03-03T21:56:00+00:00\">March 3, 2022<\/time><\/div>\n<\/li><li class=\"wp-block-post post-2158 post type-post status-publish format-standard has-post-thumbnail hentry category-58\">\n<h2 class=\"wp-block-post-title\"><a href=\"http:\/\/pukfrance.com\/?p=2158\" target=\"_self\" >Entrevue entre Darawan Haji Hamid et le ministre adjoint aux affaires \u00e9trang\u00e8res du KRG<\/a><\/h2>\n\n<figure class=\"alignwide wp-block-post-featured-image\"><a href=\"http:\/\/pukfrance.com\/?p=2158\" target=\"_self\"  ><img loading=\"lazy\" decoding=\"async\" width=\"1069\" height=\"714\" src=\"http:\/\/pukfrance.com\/wp-content\/uploads\/2022\/03\/6.jpeg\" class=\"attachment-post-thumbnail size-post-thumbnail wp-post-image\" alt=\"Entrevue entre Darawan Haji Hamid et le ministre adjoint aux affaires \u00e9trang\u00e8res du KRG\" style=\"object-fit:cover;\" srcset=\"http:\/\/pukfrance.com\/wp-content\/uploads\/2022\/03\/6.jpeg 1069w, http:\/\/pukfrance.com\/wp-content\/uploads\/2022\/03\/6-300x200.jpeg 300w, http:\/\/pukfrance.com\/wp-content\/uploads\/2022\/03\/6-1024x684.jpeg 1024w, http:\/\/pukfrance.com\/wp-content\/uploads\/2022\/03\/6-768x513.jpeg 768w, http:\/\/pukfrance.com\/wp-content\/uploads\/2022\/03\/6-600x401.jpeg 600w\" sizes=\"auto, (max-width: 1069px) 100vw, 1069px\" \/><\/a><\/figure>\n\n<div class=\"wp-block-post-excerpt\"><p class=\"wp-block-post-excerpt__excerpt\">Ce 1er mars 2022, M.Darawan Haji Hamid a \u00e9t\u00e9 re\u00e7u par M.Daban Shadala, ministre adjoint aux affaires \u00e9trang\u00e8res, au sein du minist\u00e8re, \u00e0 Erbil.M.Darawan Haji Hamid a pris le soin de d\u00e9velopper au cours de la discussion tous les derniers changements et \u00e9v\u00e8nements r\u00e9alis\u00e9s par le bureau de l\u2019UPK en France, notamment l\u2019invitation de Madame&hellip; <\/p><\/div>\n\n\n<hr class=\"wp-block-separator\"\/>\n\n\n<div class=\"wp-block-post-date\"><time datetime=\"2022-03-02T21:55:00+00:00\">March 2, 2022<\/time><\/div>\n<\/li><li class=\"wp-block-post post-2150 post type-post status-publish format-standard has-post-thumbnail hentry category-home-fr category-58\">\n<h2 class=\"wp-block-post-title\"><a href=\"http:\/\/pukfrance.com\/?p=2150\" target=\"_self\" >Rencontre avec l\u2019ancien ministre de l\u2019Enseignement sup\u00e9rieur et actuel conseiller du bureau national de l\u2019UPK<\/a><\/h2>\n\n<figure class=\"alignwide wp-block-post-featured-image\"><a href=\"http:\/\/pukfrance.com\/?p=2150\" target=\"_self\"  ><img loading=\"lazy\" decoding=\"async\" width=\"2048\" height=\"1536\" src=\"http:\/\/pukfrance.com\/wp-content\/uploads\/2022\/03\/4a.jpeg\" class=\"attachment-post-thumbnail size-post-thumbnail wp-post-image\" alt=\"Rencontre avec l\u2019ancien ministre de l\u2019Enseignement sup\u00e9rieur et actuel conseiller du bureau national de l\u2019UPK\" style=\"object-fit:cover;\" srcset=\"http:\/\/pukfrance.com\/wp-content\/uploads\/2022\/03\/4a.jpeg 2048w, http:\/\/pukfrance.com\/wp-content\/uploads\/2022\/03\/4a-300x225.jpeg 300w, http:\/\/pukfrance.com\/wp-content\/uploads\/2022\/03\/4a-1024x768.jpeg 1024w, http:\/\/pukfrance.com\/wp-content\/uploads\/2022\/03\/4a-768x576.jpeg 768w, http:\/\/pukfrance.com\/wp-content\/uploads\/2022\/03\/4a-1536x1152.jpeg 1536w, http:\/\/pukfrance.com\/wp-content\/uploads\/2022\/03\/4a-200x150.jpeg 200w, http:\/\/pukfrance.com\/wp-content\/uploads\/2022\/03\/4a-600x450.jpeg 600w\" sizes=\"auto, (max-width: 2048px) 100vw, 2048px\" \/><\/a><\/figure>\n\n<div class=\"wp-block-post-excerpt\"><p class=\"wp-block-post-excerpt__excerpt\">M.Darawan Haji Hamid a \u00e9t\u00e9 accueilli ce 2 mars 2022 \u00e0 Suleymania par Docteur Yusuf Goran, ancien ministre de l\u2019Enseignement sup\u00e9rieur et actuel conseiller du bureau national de l\u2019UPK. Au cours de la r\u00e9union, M.Goran Yusuf a d\u2019abord mis en avant la jeunesse, la vitalit\u00e9, et la volont\u00e9 de renouvellement profond de l\u2019UPK, tant sur&hellip; <\/p><\/div>\n\n\n<hr class=\"wp-block-separator\"\/>\n\n\n<div class=\"wp-block-post-date\"><time datetime=\"2022-03-02T21:51:00+00:00\">March 2, 2022<\/time><\/div>\n<\/li><li class=\"wp-block-post post-2142 post type-post status-publish format-standard has-post-thumbnail hentry category-home-fr category-58\">\n<h2 class=\"wp-block-post-title\"><a href=\"http:\/\/pukfrance.com\/?p=2142\" target=\"_self\" >Invitation de M.Darawan par les fractions de l\u2019UPK au sein du parlement du KRG<\/a><\/h2>\n\n<figure class=\"alignwide wp-block-post-featured-image\"><a href=\"http:\/\/pukfrance.com\/?p=2142\" target=\"_self\"  ><img loading=\"lazy\" decoding=\"async\" width=\"1280\" height=\"854\" src=\"http:\/\/pukfrance.com\/wp-content\/uploads\/2022\/03\/3.jpeg\" class=\"attachment-post-thumbnail size-post-thumbnail wp-post-image\" alt=\"Invitation de M.Darawan par les fractions de l\u2019UPK au sein du parlement du KRG\" style=\"object-fit:cover;\" srcset=\"http:\/\/pukfrance.com\/wp-content\/uploads\/2022\/03\/3.jpeg 1280w, http:\/\/pukfrance.com\/wp-content\/uploads\/2022\/03\/3-300x200.jpeg 300w, http:\/\/pukfrance.com\/wp-content\/uploads\/2022\/03\/3-1024x683.jpeg 1024w, http:\/\/pukfrance.com\/wp-content\/uploads\/2022\/03\/3-768x512.jpeg 768w, http:\/\/pukfrance.com\/wp-content\/uploads\/2022\/03\/3-600x400.jpeg 600w\" sizes=\"auto, (max-width: 1280px) 100vw, 1280px\" \/><\/a><\/figure>\n\n<div class=\"wp-block-post-excerpt\"><p class=\"wp-block-post-excerpt__excerpt\">Aujourd\u2019hui, 1er mars 2022, Darawan Haji Hamid a \u00e9t\u00e9 re\u00e7u par les fractions de l\u2019UPK au sein du parlement du KRG, au sein du m\u00eame parlement.Ils ont discut\u00e9 des relations entre les fractions de l\u2019UPK au sein du parlement du KRG, et les fractions de gauche au sein du Parlement fran\u00e7ais. Plus largement, a \u00e9t\u00e9&hellip; <\/p><\/div>\n\n\n<hr class=\"wp-block-separator\"\/>\n\n\n<div class=\"wp-block-post-date\"><time datetime=\"2022-03-01T21:47:00+00:00\">March 1, 2022<\/time><\/div>\n<\/li><li class=\"wp-block-post post-2147 post type-post status-publish format-standard has-post-thumbnail hentry category-home-fr category-58\">\n<h2 class=\"wp-block-post-title\"><a href=\"http:\/\/pukfrance.com\/?p=2147\" target=\"_self\" >Rencontre avec la ministre charg\u00e9e des affaires touristiques, ainsi qu\u2019avec l\u2019adjointe au minist\u00e8re de la justice<\/a><\/h2>\n\n<figure class=\"alignwide wp-block-post-featured-image\"><a href=\"http:\/\/pukfrance.com\/?p=2147\" target=\"_self\"  ><img loading=\"lazy\" decoding=\"async\" width=\"2048\" height=\"1474\" src=\"http:\/\/pukfrance.com\/wp-content\/uploads\/2022\/03\/4.jpeg\" class=\"attachment-post-thumbnail size-post-thumbnail wp-post-image\" alt=\"Rencontre avec la ministre charg\u00e9e des affaires touristiques, ainsi qu\u2019avec l\u2019adjointe au minist\u00e8re de la justice\" style=\"object-fit:cover;\" srcset=\"http:\/\/pukfrance.com\/wp-content\/uploads\/2022\/03\/4.jpeg 2048w, http:\/\/pukfrance.com\/wp-content\/uploads\/2022\/03\/4-300x216.jpeg 300w, http:\/\/pukfrance.com\/wp-content\/uploads\/2022\/03\/4-1024x737.jpeg 1024w, http:\/\/pukfrance.com\/wp-content\/uploads\/2022\/03\/4-768x553.jpeg 768w, http:\/\/pukfrance.com\/wp-content\/uploads\/2022\/03\/4-1536x1106.jpeg 1536w, http:\/\/pukfrance.com\/wp-content\/uploads\/2022\/03\/4-600x432.jpeg 600w\" sizes=\"auto, (max-width: 2048px) 100vw, 2048px\" \/><\/a><\/figure>\n\n<div class=\"wp-block-post-excerpt\"><p class=\"wp-block-post-excerpt__excerpt\">Ce 1er mars 2022, M.Darawan Haji Hamid a eu l\u2019honneur de rendre visite et d\u2019entamer une discussion abondante avec mesdames Amal Jalal, ministre charg\u00e9e des affaires touristiques et Madame Shilan Arif, premi\u00e8re adjointe au minist\u00e8re de la justice.Au cours des \u00e9changes, dans un premier temps, avec Mme. Amal Jalal, a \u00e9t\u00e9 \u00e9voqu\u00e9 la performance notable&hellip; <\/p><\/div>\n\n\n<hr class=\"wp-block-separator\"\/>\n\n\n<div class=\"wp-block-post-date\"><time datetime=\"2022-03-01T20:49:00+00:00\">March 1, 2022<\/time><\/div>\n<\/li><li class=\"wp-block-post post-2077 post type-post status-publish format-standard has-post-thumbnail hentry category-home-fr category-58\">\n<h2 class=\"wp-block-post-title\"><a href=\"http:\/\/pukfrance.com\/?p=2077\" target=\"_self\" >Bavel Jalal Talabani : Nous voulons offrir un environnement adapt\u00e9 aux \u00e9tudiants.<\/a><\/h2>\n\n<figure class=\"alignwide wp-block-post-featured-image\"><a href=\"http:\/\/pukfrance.com\/?p=2077\" target=\"_self\"  ><img loading=\"lazy\" decoding=\"async\" width=\"512\" height=\"512\" src=\"http:\/\/pukfrance.com\/wp-content\/uploads\/2022\/02\/image-7.png\" class=\"attachment-post-thumbnail size-post-thumbnail wp-post-image\" alt=\"Bavel Jalal Talabani : Nous voulons offrir un environnement adapt\u00e9 aux \u00e9tudiants.\" style=\"object-fit:cover;\" srcset=\"http:\/\/pukfrance.com\/wp-content\/uploads\/2022\/02\/image-7.png 512w, http:\/\/pukfrance.com\/wp-content\/uploads\/2022\/02\/image-7-300x300.png 300w, http:\/\/pukfrance.com\/wp-content\/uploads\/2022\/02\/image-7-150x150.png 150w, http:\/\/pukfrance.com\/wp-content\/uploads\/2022\/02\/image-7-500x500.png 500w, http:\/\/pukfrance.com\/wp-content\/uploads\/2022\/02\/image-7-100x100.png 100w\" sizes=\"auto, (max-width: 512px) 100vw, 512px\" \/><\/a><\/figure>\n\n<div class=\"wp-block-post-excerpt\"><p class=\"wp-block-post-excerpt__excerpt\">Bafel Jalal Talabani a re\u00e7u samedi Mme Najat Vallaud Belkacem, ancienne ministre fran\u00e7aise de l&#8217;Enseignement sup\u00e9rieur au si\u00e8ge de l&#8217;Union patriotique du Kurdistan (UPK) sur la colline Dabashan de Sylayman. Au cours de la r\u00e9union, \u00e0 laquelle ont particip\u00e9 m.Amin Baba Sheikh porte-parole de L\u2019UPK, M.Pola Sirwan Talabani responsable du bureau des relations ext\u00e9rieures, et&hellip; <\/p><\/div>\n\n\n<hr class=\"wp-block-separator\"\/>\n\n\n<div class=\"wp-block-post-date\"><time datetime=\"2022-02-26T22:01:56+00:00\">February 26, 2022<\/time><\/div>\n<\/li><li class=\"wp-block-post post-2132 post type-post status-publish format-standard has-post-thumbnail hentry category-home-fr category-58\">\n<h2 class=\"wp-block-post-title\"><a href=\"http:\/\/pukfrance.com\/?p=2132\" target=\"_self\" >Visite par Madame Najat Vallaud-Belkacem \u00e0 Erbil.<\/a><\/h2>\n\n<figure class=\"alignwide wp-block-post-featured-image\"><a href=\"http:\/\/pukfrance.com\/?p=2132\" target=\"_self\"  ><img loading=\"lazy\" decoding=\"async\" width=\"856\" height=\"610\" src=\"http:\/\/pukfrance.com\/wp-content\/uploads\/2022\/02\/image-40.png\" class=\"attachment-post-thumbnail size-post-thumbnail wp-post-image\" alt=\"Visite par Madame Najat Vallaud-Belkacem \u00e0 Erbil.\" style=\"object-fit:cover;\" srcset=\"http:\/\/pukfrance.com\/wp-content\/uploads\/2022\/02\/image-40.png 856w, http:\/\/pukfrance.com\/wp-content\/uploads\/2022\/02\/image-40-300x214.png 300w, http:\/\/pukfrance.com\/wp-content\/uploads\/2022\/02\/image-40-768x547.png 768w, http:\/\/pukfrance.com\/wp-content\/uploads\/2022\/02\/image-40-600x428.png 600w\" sizes=\"auto, (max-width: 856px) 100vw, 856px\" \/><\/a><\/figure>\n\n<div class=\"wp-block-post-excerpt\"><p class=\"wp-block-post-excerpt__excerpt\">Aujourd\u2019hui, mercredi 23\/2\/2022 Saadi Ahmed Pira, membre du Bureau politique de l\u2019Union patriotique du Kurdistan au si\u00e8ge du bureau politique de la ville d\u2019Erbil, a accueilli Mme Najat Vallaud-Belkacem, porte-parole et ancienne ministre de l\u2019Enseignement sup\u00e9rieur en France. Lors d\u2019une r\u00e9union entre les deux parties, \u00e0 laquelle a particip\u00e9 le Dr Darawan Haji Hamid, responsable&hellip; <\/p><\/div>\n\n\n<hr class=\"wp-block-separator\"\/>\n\n\n<div class=\"wp-block-post-date\"><time datetime=\"2022-02-26T12:33:00+00:00\">February 26, 2022<\/time><\/div>\n<\/li><li class=\"wp-block-post post-2121 post type-post status-publish format-standard has-post-thumbnail hentry category-home-fr category-58\">\n<h2 class=\"wp-block-post-title\"><a href=\"http:\/\/pukfrance.com\/?p=2121\" target=\"_self\" >Visite par Madame Najat Vallaud-Belkacem du conseil municipal de Suleymania\u00a0:<\/a><\/h2>\n\n<figure class=\"alignwide wp-block-post-featured-image\"><a href=\"http:\/\/pukfrance.com\/?p=2121\" target=\"_self\"  ><img loading=\"lazy\" decoding=\"async\" width=\"572\" height=\"476\" src=\"http:\/\/pukfrance.com\/wp-content\/uploads\/2022\/02\/image-33.png\" class=\"attachment-post-thumbnail size-post-thumbnail wp-post-image\" alt=\"Visite par Madame Najat Vallaud-Belkacem du conseil municipal de Suleymania\u00a0:\" style=\"object-fit:cover;\" srcset=\"http:\/\/pukfrance.com\/wp-content\/uploads\/2022\/02\/image-33.png 572w, http:\/\/pukfrance.com\/wp-content\/uploads\/2022\/02\/image-33-300x250.png 300w\" sizes=\"auto, (max-width: 572px) 100vw, 572px\" \/><\/a><\/figure>\n\n<div class=\"wp-block-post-excerpt\"><p class=\"wp-block-post-excerpt__excerpt\">Aujourd\u2019hui, le 22-02-2022, Madame Najat Vallaud-Belkacem s\u2019est rendue au sein du conseil municipal de Suleymania, sur invitation de M.Azad. M.Darawan Hajji Hamid, repr\u00e9sentant du bureau de l\u2019UPK en France, l\u2019a accompagn\u00e9. Au sein du conseil municipal, \u00e9taient pr\u00e9sents l\u2019essentiel des membres de la fraction de l\u2019UPK ce jour-l\u00e0. Madame Najat a pris le temps de&hellip; <\/p><\/div>\n\n\n<hr class=\"wp-block-separator\"\/>\n\n\n<div class=\"wp-block-post-date\"><time datetime=\"2022-02-22T12:28:00+00:00\">February 22, 2022<\/time><\/div>\n<\/li><li class=\"wp-block-post post-2116 post type-post status-publish format-standard has-post-thumbnail hentry category-home-fr category-58\">\n<h2 class=\"wp-block-post-title\"><a href=\"http:\/\/pukfrance.com\/?p=2116\" target=\"_self\" >Intervention, \u00e0 Halabja, de Madame Najat Vallaud-Belkacem en faveur de la cr\u00e9ation de partenariats universitaires\u00a0:<\/a><\/h2>\n\n<figure class=\"alignwide wp-block-post-featured-image\"><a href=\"http:\/\/pukfrance.com\/?p=2116\" target=\"_self\"  ><img loading=\"lazy\" decoding=\"async\" width=\"402\" height=\"360\" src=\"http:\/\/pukfrance.com\/wp-content\/uploads\/2022\/02\/image-31.png\" class=\"attachment-post-thumbnail size-post-thumbnail wp-post-image\" alt=\"Intervention, \u00e0 Halabja, de Madame Najat Vallaud-Belkacem en faveur de la cr\u00e9ation de partenariats universitaires\u00a0:\" style=\"object-fit:cover;\" srcset=\"http:\/\/pukfrance.com\/wp-content\/uploads\/2022\/02\/image-31.png 402w, http:\/\/pukfrance.com\/wp-content\/uploads\/2022\/02\/image-31-300x269.png 300w\" sizes=\"auto, (max-width: 402px) 100vw, 402px\" \/><\/a><\/figure>\n\n<div class=\"wp-block-post-excerpt\"><p class=\"wp-block-post-excerpt__excerpt\">Aujourd\u2019hui, lundi 21-02-2022, Mme Najat Vallaud-Belkacem, ancienne porte-parole du gouvernement et ex-ministre charg\u00e9e de la d\u00e9fense des Droits des femmes, de l\u2019Enseignement sup\u00e9rieur et de l\u2019\u00c9ducation, s\u2019est rendue dans la province de Halabja, accompagn\u00e9 de M.Darawan Hajji Hamid, responsable du bureau de l\u2019UPK en France. Lors de sa visite \u00e0 l\u2019Universit\u00e9 de Halabja, Madame Mahabad&hellip; <\/p><\/div>\n\n\n<hr class=\"wp-block-separator\"\/>\n\n\n<div class=\"wp-block-post-date\"><time datetime=\"2022-02-21T12:24:00+00:00\">February 21, 2022<\/time><\/div>\n<\/li><li class=\"wp-block-post post-2110 post type-post status-publish format-standard has-post-thumbnail hentry category-home-fr category-58\">\n<h2 class=\"wp-block-post-title\"><a href=\"http:\/\/pukfrance.com\/?p=2110\" target=\"_self\" >Visite de Madame Najat Vallaud-Belkacem au m\u00e9morial de Halabja ainsi que de la statue \u00e0 l\u2019effigie de Danielle Mitterrand\u00a0:<\/a><\/h2>\n\n<figure class=\"alignwide wp-block-post-featured-image\"><a href=\"http:\/\/pukfrance.com\/?p=2110\" target=\"_self\"  ><img loading=\"lazy\" decoding=\"async\" width=\"504\" height=\"490\" src=\"http:\/\/pukfrance.com\/wp-content\/uploads\/2022\/02\/image-29.png\" class=\"attachment-post-thumbnail size-post-thumbnail wp-post-image\" alt=\"Visite de Madame Najat Vallaud-Belkacem au m\u00e9morial de Halabja ainsi que de la statue \u00e0 l\u2019effigie de Danielle Mitterrand\u00a0:\" style=\"object-fit:cover;\" srcset=\"http:\/\/pukfrance.com\/wp-content\/uploads\/2022\/02\/image-29.png 504w, http:\/\/pukfrance.com\/wp-content\/uploads\/2022\/02\/image-29-300x292.png 300w\" sizes=\"auto, (max-width: 504px) 100vw, 504px\" \/><\/a><\/figure>\n\n<div class=\"wp-block-post-excerpt\"><p class=\"wp-block-post-excerpt__excerpt\">Ce 20-02-2022, Madame Najat Vallaud-Belkacem, accompagn\u00e9 de M.Darawan Hajji Hamid, responsable du bureau de l\u2019UPK en France, \u00a0a visit\u00e9 le m\u00e9morial relatif aux \u00e9v\u00e8nements tragiques de Halabja, au cours desquels, Saddam Hussein a gaz\u00e9 chimiquement et tu\u00e9 plus de 5000 civils, hommes, femmes, enfants, sans d\u00e9fense. Elle a inscrit un message de paix et d\u2019espoir&hellip; <\/p><\/div>\n\n\n<hr class=\"wp-block-separator\"\/>\n\n\n<div class=\"wp-block-post-date\"><time datetime=\"2022-02-20T12:22:00+00:00\">February 20, 2022<\/time><\/div>\n<\/li><li class=\"wp-block-post post-2094 post type-post status-publish format-standard has-post-thumbnail hentry category-home-fr category-58\">\n<h2 class=\"wp-block-post-title\"><a href=\"http:\/\/pukfrance.com\/?p=2094\" target=\"_self\" >Rencontre entre la maire de la ville de Sulaymania, et Madame Najat Vallaud-Belkacem\u00a0:<\/a><\/h2>\n\n<figure class=\"alignwide wp-block-post-featured-image\"><a href=\"http:\/\/pukfrance.com\/?p=2094\" target=\"_self\"  ><img loading=\"lazy\" decoding=\"async\" width=\"540\" height=\"372\" src=\"http:\/\/pukfrance.com\/wp-content\/uploads\/2022\/02\/image-18.png\" class=\"attachment-post-thumbnail size-post-thumbnail wp-post-image\" alt=\"Rencontre entre la maire de la ville de Sulaymania, et Madame Najat Vallaud-Belkacem\u00a0:\" style=\"object-fit:cover;\" srcset=\"http:\/\/pukfrance.com\/wp-content\/uploads\/2022\/02\/image-18.png 540w, http:\/\/pukfrance.com\/wp-content\/uploads\/2022\/02\/image-18-300x207.png 300w\" sizes=\"auto, (max-width: 540px) 100vw, 540px\" \/><\/a><\/figure>\n\n<div class=\"wp-block-post-excerpt\"><p class=\"wp-block-post-excerpt__excerpt\">Le 19-02-2022, Mme Najat, a \u00e9t\u00e9 accueilli au sein du si\u00e8ge de la mairie de la ville de Sulaymania par Mme Laila Omar, maire de Sulaymania. Monsieur Darawan Hajji Hamid, responsable du bureau de l\u2019UPK en France, a \u00e9t\u00e9 pr\u00e9sent au cours de cette r\u00e9union. Un \u00e9change d\u2019exp\u00e9rience sur la mani\u00e8re de diriger au mieux&hellip; <\/p><\/div>\n\n\n<hr class=\"wp-block-separator\"\/>\n\n\n<div class=\"wp-block-post-date\"><time datetime=\"2022-02-19T22:07:00+00:00\">February 19, 2022<\/time><\/div>\n<\/li><li class=\"wp-block-post post-2088 post type-post status-publish format-standard has-post-thumbnail hentry category-home-fr category-58\">\n<h2 class=\"wp-block-post-title\"><a href=\"http:\/\/pukfrance.com\/?p=2088\" target=\"_self\" >R\u00e9alisation d\u2019une conf\u00e9rence au sein de l\u2019universit\u00e9 de Sulaymania, entre l\u2019ancien ministre de l\u2019Enseignement sup\u00e9rieur du KRG et l\u2019ancienne ministre de l\u2019Enseignement sup\u00e9rieur de France<\/a><\/h2>\n\n<figure class=\"alignwide wp-block-post-featured-image\"><a href=\"http:\/\/pukfrance.com\/?p=2088\" target=\"_self\"  ><img loading=\"lazy\" decoding=\"async\" width=\"496\" height=\"474\" src=\"http:\/\/pukfrance.com\/wp-content\/uploads\/2022\/02\/image-13.png\" class=\"attachment-post-thumbnail size-post-thumbnail wp-post-image\" alt=\"R\u00e9alisation d\u2019une conf\u00e9rence au sein de l\u2019universit\u00e9 de Sulaymania, entre l\u2019ancien ministre de l\u2019Enseignement sup\u00e9rieur du KRG et l\u2019ancienne ministre de l\u2019Enseignement sup\u00e9rieur de France\" style=\"object-fit:cover;\" srcset=\"http:\/\/pukfrance.com\/wp-content\/uploads\/2022\/02\/image-13.png 496w, http:\/\/pukfrance.com\/wp-content\/uploads\/2022\/02\/image-13-300x287.png 300w\" sizes=\"auto, (max-width: 496px) 100vw, 496px\" \/><\/a><\/figure>\n\n<div class=\"wp-block-post-excerpt\"><p class=\"wp-block-post-excerpt__excerpt\">Une conf\u00e9rence s\u2019est tenue le 19-02-2022, avec comme intervenants M.Goran Yusuf, ancien ministre de l\u2019enseignement sup\u00e9rieur, et Mme Najat Vallaud-Belkacem, ancienne ministre de l\u2019\u00e9ducation nationale et de l\u2019enseignement sup\u00e9rieur. Monsieur Darawan Hajji Hamid, responsable du bureau de l\u2019UPK en France, a \u00e9t\u00e9 \u00e0 l\u2019initiative, et a organis\u00e9 cette conf\u00e9rence. Cette derni\u00e8re portait sur le th\u00e8me&hellip; <\/p><\/div>\n\n\n<hr class=\"wp-block-separator\"\/>\n\n\n<div class=\"wp-block-post-date\"><time datetime=\"2022-02-19T22:06:00+00:00\">February 19, 2022<\/time><\/div>\n<\/li><li class=\"wp-block-post post-2065 post type-post status-publish format-standard has-post-thumbnail hentry category-home-fr category-58\">\n<h2 class=\"wp-block-post-title\"><a href=\"http:\/\/pukfrance.com\/?p=2065\" target=\"_self\" >Une d\u00e9l\u00e9gation fran\u00e7aise visite la tombe de feu le pr\u00e9sident Mam Jalal.<\/a><\/h2>\n\n<figure class=\"alignwide wp-block-post-featured-image\"><a href=\"http:\/\/pukfrance.com\/?p=2065\" target=\"_self\"  ><img loading=\"lazy\" decoding=\"async\" width=\"546\" height=\"550\" src=\"http:\/\/pukfrance.com\/wp-content\/uploads\/2022\/02\/image-5.png\" class=\"attachment-post-thumbnail size-post-thumbnail wp-post-image\" alt=\"Une d\u00e9l\u00e9gation fran\u00e7aise visite la tombe de feu le pr\u00e9sident Mam Jalal.\" style=\"object-fit:cover;\" srcset=\"http:\/\/pukfrance.com\/wp-content\/uploads\/2022\/02\/image-5.png 546w, http:\/\/pukfrance.com\/wp-content\/uploads\/2022\/02\/image-5-298x300.png 298w, http:\/\/pukfrance.com\/wp-content\/uploads\/2022\/02\/image-5-150x150.png 150w, http:\/\/pukfrance.com\/wp-content\/uploads\/2022\/02\/image-5-100x100.png 100w\" sizes=\"auto, (max-width: 546px) 100vw, 546px\" \/><\/a><\/figure>\n\n<div class=\"wp-block-post-excerpt\"><p class=\"wp-block-post-excerpt__excerpt\">Samedi le 19-02-2022, M. Pola Talabani, responsable du bureau des relations ext\u00e9rieures de l&#8217;Union patriotique du Kurdistan (UPK), a re\u00e7u Najat Vallaud-Belkacem. Au cours de la rencontre, \u00e0 laquelle a particip\u00e9 Darawan Haji Hamid, responsable du Bureau de l\u2019UPK en France, les deux parties ont \u00e9voqu\u00e9 l&#8217;importance et le r\u00f4le du Bureau des relations ext\u00e9rieures&hellip; <\/p><\/div>\n\n\n<hr class=\"wp-block-separator\"\/>\n\n\n<div class=\"wp-block-post-date\"><time datetime=\"2022-02-19T21:56:00+00:00\">February 19, 2022<\/time><\/div>\n<\/li><li class=\"wp-block-post post-2127 post type-post status-publish format-standard has-post-thumbnail hentry category-home-fr category-58\">\n<h2 class=\"wp-block-post-title\"><a href=\"http:\/\/pukfrance.com\/?p=2127\" target=\"_self\" >Najat Vallaud-Belkacem s\u2019est rendue au sein des locaux de l\u2019organisation pour le d\u00e9veloppement civil \u2013 CDO.<\/a><\/h2>\n\n<figure class=\"alignwide wp-block-post-featured-image\"><a href=\"http:\/\/pukfrance.com\/?p=2127\" target=\"_self\"  ><img loading=\"lazy\" decoding=\"async\" width=\"608\" height=\"396\" src=\"http:\/\/pukfrance.com\/wp-content\/uploads\/2022\/02\/image-37.png\" class=\"attachment-post-thumbnail size-post-thumbnail wp-post-image\" alt=\"Najat Vallaud-Belkacem s\u2019est rendue au sein des locaux de l\u2019organisation pour le d\u00e9veloppement civil \u2013 CDO.\" style=\"object-fit:cover;\" srcset=\"http:\/\/pukfrance.com\/wp-content\/uploads\/2022\/02\/image-37.png 608w, http:\/\/pukfrance.com\/wp-content\/uploads\/2022\/02\/image-37-300x195.png 300w, http:\/\/pukfrance.com\/wp-content\/uploads\/2022\/02\/image-37-600x391.png 600w\" sizes=\"auto, (max-width: 608px) 100vw, 608px\" \/><\/a><\/figure>\n\n<div class=\"wp-block-post-excerpt\"><p class=\"wp-block-post-excerpt__excerpt\">Les responsables associatifs, lui ont pr\u00e9sent\u00e9 leurs r\u00f4les, missions et accomplissements respectifs. Plus de 20 associations et repr\u00e9sentants issus de la soci\u00e9t\u00e9 civile \u00e9taient pr\u00e9sents. Ensuite, Madame Najat a r\u00e9alis\u00e9 une intervention aupr\u00e8s de tous ces intervenants, sur plusieurs th\u00e8mes. Tout d\u2019abord, son rapport \u00e0 la soci\u00e9t\u00e9 civile, et aux organisations non gouvernementales, et de&hellip; <\/p><\/div>\n\n\n<hr class=\"wp-block-separator\"\/>\n\n\n<div class=\"wp-block-post-date\"><time datetime=\"2022-02-19T12:29:00+00:00\">February 19, 2022<\/time><\/div>\n<\/li><li class=\"wp-block-post post-2105 post type-post status-publish format-standard has-post-thumbnail hentry category-home-fr category-58\">\n<h2 class=\"wp-block-post-title\"><a href=\"http:\/\/pukfrance.com\/?p=2105\" target=\"_self\" >Intervention t\u00e9l\u00e9vis\u00e9e et visite de Madame Najat Vallaud-Belkacem au sein des locaux de kurdsat\u00a0:<\/a><\/h2>\n\n<figure class=\"alignwide wp-block-post-featured-image\"><a href=\"http:\/\/pukfrance.com\/?p=2105\" target=\"_self\"  ><img loading=\"lazy\" decoding=\"async\" width=\"822\" height=\"482\" src=\"http:\/\/pukfrance.com\/wp-content\/uploads\/2022\/02\/image-25.png\" class=\"attachment-post-thumbnail size-post-thumbnail wp-post-image\" alt=\"Intervention t\u00e9l\u00e9vis\u00e9e et visite de Madame Najat Vallaud-Belkacem au sein des locaux de kurdsat\u00a0:\" style=\"object-fit:cover;\" srcset=\"http:\/\/pukfrance.com\/wp-content\/uploads\/2022\/02\/image-25.png 822w, http:\/\/pukfrance.com\/wp-content\/uploads\/2022\/02\/image-25-300x176.png 300w, http:\/\/pukfrance.com\/wp-content\/uploads\/2022\/02\/image-25-768x450.png 768w, http:\/\/pukfrance.com\/wp-content\/uploads\/2022\/02\/image-25-600x352.png 600w\" sizes=\"auto, (max-width: 822px) 100vw, 822px\" \/><\/a><\/figure>\n\n<div class=\"wp-block-post-excerpt\"><p class=\"wp-block-post-excerpt__excerpt\">Le 19-02-2022, au soir, Madame Najat Vallaud-Belkacem a visit\u00e9 les locaux de Kurdsat. Elle a ensuite r\u00e9alis\u00e9 une intervention t\u00e9l\u00e9vis\u00e9e, o\u00f9 elle a abondamment d\u00e9velopp\u00e9 son parcours, depuis les origines, ses fonctions occup\u00e9es, pass\u00e9es et pr\u00e9sentes, enfin elle a mis l\u2019accent sur ses convictions personnelles quant \u00e0 la mani\u00e8re d\u2019envisager le droit des femmes et&hellip; <\/p><\/div>\n\n\n<hr class=\"wp-block-separator\"\/>\n\n\n<div class=\"wp-block-post-date\"><time datetime=\"2022-02-19T12:16:00+00:00\">February 19, 2022<\/time><\/div>\n<\/li><\/ul><\/div>\n","protected":false},"excerpt":{"rendered":"","protected":false},"author":1,"featured_media":0,"parent":0,"menu_order":0,"comment_status":"closed","ping_status":"closed","template":"","meta":{"footnotes":""},"class_list":["post-1900","page","type-page","status-publish","hentry"],"_links":{"self":[{"href":"http:\/\/pukfrance.com\/index.php?rest_route=\/wp\/v2\/pages\/1900","targetHints":{"allow":["GET"]}}],"collection":[{"href":"http:\/\/pukfrance.com\/index.php?rest_route=\/wp\/v2\/pages"}],"about":[{"href":"http:\/\/pukfrance.com\/index.php?rest_route=\/wp\/v2\/types\/page"}],"author":[{"embeddable":true,"href":"http:\/\/pukfrance.com\/index.php?rest_route=\/wp\/v2\/users\/1"}],"replies":[{"embeddable":true,"href":"http:\/\/pukfrance.com\/index.php?rest_route=%2Fwp%2Fv2%2Fcomments&post=1900"}],"version-history":[{"count":6,"href":"http:\/\/pukfrance.com\/index.php?rest_route=\/wp\/v2\/pages\/1900\/revisions"}],"predecessor-version":[{"id":1913,"href":"http:\/\/pukfrance.com\/index.php?rest_route=\/wp\/v2\/pages\/1900\/revisions\/1913"}],"wp:attachment":[{"href":"http:\/\/pukfrance.com\/index.php?rest_route=%2Fwp%2Fv2%2Fmedia&parent=1900"}],"curies":[{"name":"wp","href":"https:\/\/api.w.org\/{rel}","templated":true}]}}